{"id":13436,"date":"2024-07-04T08:46:24","date_gmt":"2024-07-04T07:46:24","guid":{"rendered":"https:\/\/www.homme-cerebral.org\/2025\/?page_id=13436"},"modified":"2024-10-29T13:03:53","modified_gmt":"2024-10-29T13:03:53","slug":"organisateur","status":"publish","type":"page","link":"https:\/\/www.homme-cerebral.org\/2025\/?page_id=13436","title":{"rendered":"Organisateur"},"content":{"rendered":"\t\t<div data-elementor-type=\"wp-page\" data-elementor-id=\"13436\" class=\"elementor elementor-13436\" data-elementor-post-type=\"page\">\n\t\t\t\t<div class=\"elementor-element elementor-element-ab8a6ae e-flex e-con-boxed e-con e-parent\" data-id=\"ab8a6ae\" data-element_type=\"container\">\n\t\t\t\t\t<div class=\"e-con-inner\">\n\t\t<div class=\"elementor-element elementor-element-f169bf7 e-con-full e-flex e-con e-child\" data-id=\"f169bf7\" data-element_type=\"container\">\n\t\t<div class=\"elementor-element elementor-element-83987f9 e-con-full e-flex elementor-invisible e-con e-child\" data-id=\"83987f9\" data-element_type=\"container\" data-settings=\"{&quot;sticky&quot;:&quot;top&quot;,&quot;sticky_offset&quot;:100,&quot;sticky_parent&quot;:&quot;yes&quot;,&quot;animation&quot;:&quot;fadeInUp&quot;,&quot;sticky_on&quot;:[&quot;desktop&quot;,&quot;tablet&quot;,&quot;mobile&quot;],&quot;sticky_effects_offset&quot;:0}\">\n\t\t\t\t<div class=\"elementor-element elementor-element-3998d69 elementor-widget elementor-widget-heading\" data-id=\"3998d69\" data-element_type=\"widget\" data-widget_type=\"heading.default\">\n\t\t\t\t<div class=\"elementor-widget-container\">\n\t\t\t<style>\/*! elementor - v3.22.0 - 26-06-2024 *\/\n.elementor-heading-title{padding:0;margin:0;line-height:1}.elementor-widget-heading .elementor-heading-title[class*=elementor-size-]>a{color:inherit;font-size:inherit;line-height:inherit}.elementor-widget-heading .elementor-heading-title.elementor-size-small{font-size:15px}.elementor-widget-heading .elementor-heading-title.elementor-size-medium{font-size:19px}.elementor-widget-heading .elementor-heading-title.elementor-size-large{font-size:29px}.elementor-widget-heading .elementor-heading-title.elementor-size-xl{font-size:39px}.elementor-widget-heading .elementor-heading-title.elementor-size-xxl{font-size:59px}<\/style><h2 class=\"elementor-heading-title elementor-size-default\">Fondation pour l\u2019\u00c9tude du Syst\u00e8me Nerveux central et p\u00e9riph\u00e9rique <\/h2>\t\t<\/div>\n\t\t\t\t<\/div>\n\t\t\t\t<div class=\"elementor-element elementor-element-a9927a0 elementor-widget elementor-widget-image\" data-id=\"a9927a0\" data-element_type=\"widget\" data-widget_type=\"image.default\">\n\t\t\t\t<div class=\"elementor-widget-container\">\n\t\t\t<style>\/*! elementor - v3.22.0 - 26-06-2024 *\/\n.elementor-widget-image{text-align:center}.elementor-widget-image a{display:inline-block}.elementor-widget-image a img[src$=\".svg\"]{width:48px}.elementor-widget-image img{vertical-align:middle;display:inline-block}<\/style>\t\t\t\t\t\t\t\t\t\t<img fetchpriority=\"high\" decoding=\"async\" width=\"640\" height=\"253\" src=\"https:\/\/www.homme-cerebral.org\/2025\/wp-content\/uploads\/2024\/10\/fesn-1024x404-1.jpeg\" class=\"attachment-large size-large wp-image-13645\" alt=\"\" srcset=\"https:\/\/www.homme-cerebral.org\/2025\/wp-content\/uploads\/2024\/10\/fesn-1024x404-1.jpeg 1024w, https:\/\/www.homme-cerebral.org\/2025\/wp-content\/uploads\/2024\/10\/fesn-1024x404-1-300x118.jpeg 300w, https:\/\/www.homme-cerebral.org\/2025\/wp-content\/uploads\/2024\/10\/fesn-1024x404-1-768x303.jpeg 768w\" sizes=\"(max-width: 640px) 100vw, 640px\" \/>\t\t\t\t\t\t\t\t\t\t\t\t\t<\/div>\n\t\t\t\t<\/div>\n\t\t\t\t<\/div>\n\t\t\t\t<\/div>\n\t\t<div class=\"elementor-element elementor-element-4025c43 e-con-full e-flex e-con e-child\" data-id=\"4025c43\" data-element_type=\"container\">\n\t\t\t\t<div class=\"elementor-element elementor-element-fd3db65 elementor-widget elementor-widget-text-editor\" data-id=\"fd3db65\" data-element_type=\"widget\" data-widget_type=\"text-editor.default\">\n\t\t\t\t<div class=\"elementor-widget-container\">\n\t\t\t<style>\/*! elementor - v3.22.0 - 26-06-2024 *\/\n.elementor-widget-text-editor.elementor-drop-cap-view-stacked .elementor-drop-cap{background-color:#69727d;color:#fff}.elementor-widget-text-editor.elementor-drop-cap-view-framed .elementor-drop-cap{color:#69727d;border:3px solid;background-color:transparent}.elementor-widget-text-editor:not(.elementor-drop-cap-view-default) .elementor-drop-cap{margin-top:8px}.elementor-widget-text-editor:not(.elementor-drop-cap-view-default) .elementor-drop-cap-letter{width:1em;height:1em}.elementor-widget-text-editor .elementor-drop-cap{float:left;text-align:center;line-height:1;font-size:50px}.elementor-widget-text-editor .elementor-drop-cap-letter{display:inline-block}<\/style>\t\t\t\t<strong style=\"font-size:28px; color:#b83437\">La FESN<\/strong> a \u00e9t\u00e9 une des premi\u00e8res fondations europ\u00e9ennes d\u00e9di\u00e9es \u00e0 la promotion de l\u2019\u00e9tude du syst\u00e8me nerveux. Fond\u00e9e en 1983 \u00e0 l\u2019initiative d\u2019un groupe d\u2019\u00e9minents scientifiques, elle a deux objectifs principaux :\n<ul>\n \t<li>Proposer un forum de tr\u00e8s haut niveau visant \u00e0 favoriser des rencontres entre diff\u00e9rents leaders de domaines \u00e9mergeants des neurosciences<\/li>\n \t<li>Promouvoir l\u2019information sur les progr\u00e8s des neurosciences aupr\u00e8s d\u2019un public de non sp\u00e9cialistes int\u00e9ress\u00e9s par ce domaine.<\/li>\n<\/ul>\nLe conseil scientifique de la FESN a \u00e9t\u00e9 constitu\u00e9 des scientifiques suivants :\n<ul>\n \t<li><strong>Yves Agid<\/strong>, Neurologue \u00e0 l\u2019Institut du Cerveau et de la Mo\u00eblle \u00e0 Paris, sp\u00e9cialiste de la maladie de Parkinson.<\/li>\n \t<li><strong>Jocelyne Bloch<\/strong> est m\u00e9decin cheffe en neurochirurgie et neuroscientifique suisse aux H\u00f4pitaux universitaires de Lausanne (CHUV\/UNIL) et \u00e0 l&rsquo;\u00c9cole polytechnique f\u00e9d\u00e9rale de Lausanne (EPFL).<\/li>\n \t<li><strong>Gr\u00e9goire Courtine<\/strong>, de l\u2019Ecole Polytechnique F\u00e9d\u00e9rale de Lausanne, sp\u00e9cialiste de l\u2019\u00e9tude et des approches r\u00e9paratrices des l\u00e9sions de la mo\u00eblle \u00e9pini\u00e8re.<\/li>\n \t<li><strong>Bruno Dubois<\/strong>, Neurologue \u00e0 la Sorbonne Universit\u00e9, Chef de service \u00e0 La Salp\u00eatri\u00e8re \u00e0 Paris, sp\u00e9cialiste de la maladie d\u2019Alzheimer.<\/li>\n \t<li><strong>Richard Frackowiak<\/strong>, Neurologue et ancien chef de Service de Queen Square \u00e0 l\u2019Universit\u00e9 de Londres, sp\u00e9cialiste de l\u2019imagerie c\u00e9r\u00e9brale et de la maladie d\u2019Alzheimer.<\/li>\n \t<li><strong>Pierre Magistretti<\/strong>, Neurobiologiste \u00e0 l\u2019Ecole Polytechnique F\u00e9d\u00e9rale de Lausanne et \u00e0 l\u2019Universit\u00e9 KAUST, sp\u00e9cialiste du m\u00e9tabolisme \u00e9nerg\u00e9tique et des cellules gliales du cerveau.<\/li>\n<\/ul>\t\t\t\t\t\t<\/div>\n\t\t\t\t<\/div>\n\t\t\t\t<\/div>\n\t\t\t\t\t<\/div>\n\t\t\t\t<\/div>\n\t\t<div class=\"elementor-element elementor-element-46e1d4a e-flex e-con-boxed e-con e-parent\" data-id=\"46e1d4a\" data-element_type=\"container\">\n\t\t\t\t\t<div class=\"e-con-inner\">\n\t\t<div class=\"elementor-element elementor-element-003a32c e-con-full e-flex e-con e-child\" data-id=\"003a32c\" data-element_type=\"container\">\n\t\t<div class=\"elementor-element elementor-element-766fcc6 e-con-full e-flex elementor-invisible e-con e-child\" data-id=\"766fcc6\" data-element_type=\"container\" data-settings=\"{&quot;sticky&quot;:&quot;top&quot;,&quot;sticky_offset&quot;:100,&quot;sticky_parent&quot;:&quot;yes&quot;,&quot;animation&quot;:&quot;fadeInUp&quot;,&quot;sticky_on&quot;:[&quot;desktop&quot;,&quot;tablet&quot;,&quot;mobile&quot;],&quot;sticky_effects_offset&quot;:0}\">\n\t\t\t\t<div class=\"elementor-element elementor-element-7506c60 elementor-widget elementor-widget-heading\" data-id=\"7506c60\" data-element_type=\"widget\" data-widget_type=\"heading.default\">\n\t\t\t\t<div class=\"elementor-widget-container\">\n\t\t\t<h2 class=\"elementor-heading-title elementor-size-default\">Avec le soutien de Magnoglia <\/h2>\t\t<\/div>\n\t\t\t\t<\/div>\n\t\t\t\t<div class=\"elementor-element elementor-element-3a4d6a7 elementor-widget elementor-widget-image\" data-id=\"3a4d6a7\" data-element_type=\"widget\" data-widget_type=\"image.default\">\n\t\t\t\t<div class=\"elementor-widget-container\">\n\t\t\t\t\t\t\t\t\t\t\t\t\t<img decoding=\"async\" width=\"640\" height=\"163\" src=\"https:\/\/www.homme-cerebral.org\/2025\/wp-content\/uploads\/2024\/10\/Logo-Magnoglia_Print-768x196-1.png\" class=\"attachment-large size-large wp-image-13646\" alt=\"\" srcset=\"https:\/\/www.homme-cerebral.org\/2025\/wp-content\/uploads\/2024\/10\/Logo-Magnoglia_Print-768x196-1.png 768w, https:\/\/www.homme-cerebral.org\/2025\/wp-content\/uploads\/2024\/10\/Logo-Magnoglia_Print-768x196-1-300x77.png 300w\" sizes=\"(max-width: 640px) 100vw, 640px\" \/>\t\t\t\t\t\t\t\t\t\t\t\t\t<\/div>\n\t\t\t\t<\/div>\n\t\t\t\t<\/div>\n\t\t\t\t<\/div>\n\t\t<div class=\"elementor-element elementor-element-e321335 e-con-full e-flex e-con e-child\" data-id=\"e321335\" data-element_type=\"container\">\n\t\t\t\t<div class=\"elementor-element elementor-element-2ab4a3e elementor-widget elementor-widget-text-editor\" data-id=\"2ab4a3e\" data-element_type=\"widget\" data-widget_type=\"text-editor.default\">\n\t\t\t\t<div class=\"elementor-widget-container\">\n\t\t\t\t\t\t\t<strong style=\"font-size:28px; color:#b83437\">Magnoglia<\/strong>, est une Soci\u00e9t\u00e9 Mon\u00e9gasque qui a pour objet la conception, le d\u00e9veloppement, la cession \u00e0 diff\u00e9rents stades de d\u00e9veloppement d&rsquo;\u00e9tudes dans le domaine des dispositifs m\u00e9dicaux et des m\u00e9dicaments \u00e0 usage humain, et plus particuli\u00e8rement dans les domaines de l&rsquo;ophtalmologie, de la rhumatologie et de la neurologie.\n\nEn neurologie, Magnoglia d\u00e9veloppe une approche \u00e0 360\u00b0 dans le domaine des neurones et des astrocytes, cellules principales du syst\u00e8me nerveux central.\n\nMagnoglia a comme vocation principale le d\u00e9veloppement de produits ciblant les maladies neurod\u00e9g\u00e9n\u00e9ratives, la recherche de solutions innovantes pour l\u2019am\u00e9lioration des facult\u00e9s c\u00e9r\u00e9brales, et la sensibilisation du grand public sur cet organe complexe qu\u2019est le cerveau.\t\t\t\t\t\t<\/div>\n\t\t\t\t<\/div>\n\t\t\t\t<\/div>\n\t\t\t\t\t<\/div>\n\t\t\t\t<\/div>\n\t\t\t\t<\/div>\n\t\t\r\n<!-- WeMeet Web(R) - Gange - All rights reserved: 2010 - 2025, plug-in for WordPress by Lena Group, https:\/\/lenagroup.net -->\r\n<div id=\"idGangeCookiesDiv1\" class=\"gange_CookiesDiv1\"><div id=\"idGangeCookiesDiv2\" class=\"gange_CookiesDiv2\"><form id=\"idGangeCookiesForm\" name=\"GangeCookiesForm\" action=\"#\" method=\"post\"><span id=\"idGangeCookiesSpan1\" class=\"gange_CookiesSpan1\">Nous utilisons des cookies pour vous garantir la meilleure exp\u00e9rience sur notre site Web.<\/span><span id=\"idGangeCookiesSpan2\" class=\"gange_CookiesSpan2\">Nous utilisons des cookies pour am\u00e9liorer l'analyse de nos services.<br>Vous pouvez autoriser ou bloquer les cookies en cliquant sur la case \u00e0 cocher situ\u00e9e \u00e0 droite de chaque cookie.<br><a href='https:\/\/lenagroup.net\/other\/cookies-policy\/' target='_blank'>Consultez notre politique de cookies<\/a>.<br>Google Analytics, J'accepte:<input id=\"idGangeCookiesAnalytics\" name=\"idGangeCookiesAnalytics\" type=\"checkbox\" checked=\"checked\" value=\"1\"><\/span><span id=\"idGangeCookiesSpanSubmit\" class=\"gange_CookiesSpanSubmit\"><input id=\"idGangeCookiesTag\" name=\"idGangeCookiesTag\" type=\"hidden\" value=\"##COOKIESGANGE##\"><input id=\"idGangeCookiesSubmit\" name=\"idGangeCookiesSubmit\" type=\"submit\" class=\"gange_CookiesSubmit\" value=\"Mettre \u00e0 jour mes pr\u00e9f\u00e9rences\"><\/span><\/form><\/div><\/div><script type=\"text\/javascript\"> $('body').css('overflow','hidden'); <\/script>\r\n<!-- WeMeet Web(R) - Gange - All rights reserved: 2010 - 2025, plug-in for WordPress by Lena Group, https:\/\/lenagroup.net -->\r\n <script type=\"text\/javascript\"> if (typeof(f_tFlgVISA) === typeof(Function))  \tf_tFlgVISA(null);  if (typeof(f_tFlgAllergia) === typeof(Function))  \tf_tFlgAllergia(null);  if (typeof(f_IDTipologia) === typeof(Function)) {  \tvar eObjTYPE = document.getElementById(\"id_IDTipologia\");  \tf_IDTipologia(eObjTYPE);  }  if (typeof(f_IDAttivita) === typeof(Function)) {  \tvar etFlgActivity = document.getElementById(\"id_IDAttivita\");  \tf_IDAttivita(etFlgActivity);  }  if (typeof(f_IDNazionalita) === typeof(Function)) {  \tvar etFlgNazionalita = document.getElementById(\"id_IDNazionalita\");  \tf_IDNazionalita(etFlgNazionalita);  }  if (typeof(f_IndFattIDNazione) === typeof(Function))  \tf_IndFattIDNazione(null);  if (typeof(f_IDDomanda15157) === typeof(Function)) {  \tvar etFlgDomanda15157 = document.getElementById(\"id_IDDomanda15157\");  \tif (etFlgDomanda15157 != null) {  \t\tf_IDDomanda15157(etFlgDomanda15157);  \t}  }  if (typeof(f_IDDomanda15162) === typeof(Function)) {  \tvar etFlgDomanda15162 = document.getElementById(\"id_IDDomanda15162\");  \tif (etFlgDomanda15162 != null) {  \t\tf_IDDomanda15162(etFlgDomanda15162);  \t}  }  if (typeof(f_IDDomanda15160) === typeof(Function)) {  \tvar etFlgDomanda15160 = document.getElementById(\"id_IDDomanda15160\");  \tif (etFlgDomanda15160 != null) {  \t\tf_IDDomanda15160(etFlgDomanda15160);  \t}  }  if (typeof(f_IDDomanda15171) === typeof(Function)) {  \tvar etFlgDomanda15171 = document.getElementById(\"id_IDDomanda15171\");  \tif (etFlgDomanda15171 != null) {  \t\tf_IDDomanda15171(etFlgDomanda15171);  \t}  }  if (typeof(f_IDDomanda15204) === typeof(Function)) {  \tvar etFlgDomanda15204 = document.getElementById(\"id_IDDomanda15204\");  \tif (etFlgDomanda15204 != null) {  \t\tf_IDDomanda15204(etFlgDomanda15204);  \t}  }  if (typeof(f_IDDomanda15169) === typeof(Function)) {  \tvar etFlgDomanda15169 = document.getElementById(\"id_IDDomanda15169\");  \tif (etFlgDomanda15169 != null) {  \t\tf_IDDomanda15169(etFlgDomanda15169);  \t}  }  <\/script>","protected":false},"excerpt":{"rendered":"<p>Fondation pour l\u2019\u00c9tude du Syst\u00e8me Nerveux central et p\u00e9riph\u00e9rique La FESN a \u00e9t\u00e9 une des premi\u00e8res fondations europ\u00e9ennes d\u00e9di\u00e9es \u00e0 la promotion de l\u2019\u00e9tude du syst\u00e8me nerveux. Fond\u00e9e en 1983 \u00e0 l\u2019initiative d\u2019un groupe d\u2019\u00e9minents scientifiques, elle a deux objectifs&#8230;<\/p>\n","protected":false},"author":2,"featured_media":0,"parent":0,"menu_order":0,"comment_status":"closed","ping_status":"closed","template":"","meta":{"iawp_total_views":93,"footnotes":""},"class_list":["post-13436","page","type-page","status-publish","hentry"],"_links":{"self":[{"href":"https:\/\/www.homme-cerebral.org\/2025\/index.php?rest_route=\/wp\/v2\/pages\/13436","targetHints":{"allow":["GET"]}}],"collection":[{"href":"https:\/\/www.homme-cerebral.org\/2025\/index.php?rest_route=\/wp\/v2\/pages"}],"about":[{"href":"https:\/\/www.homme-cerebral.org\/2025\/index.php?rest_route=\/wp\/v2\/types\/page"}],"author":[{"embeddable":true,"href":"https:\/\/www.homme-cerebral.org\/2025\/index.php?rest_route=\/wp\/v2\/users\/2"}],"replies":[{"embeddable":true,"href":"https:\/\/www.homme-cerebral.org\/2025\/index.php?rest_route=%2Fwp%2Fv2%2Fcomments&post=13436"}],"version-history":[{"count":7,"href":"https:\/\/www.homme-cerebral.org\/2025\/index.php?rest_route=\/wp\/v2\/pages\/13436\/revisions"}],"predecessor-version":[{"id":13652,"href":"https:\/\/www.homme-cerebral.org\/2025\/index.php?rest_route=\/wp\/v2\/pages\/13436\/revisions\/13652"}],"wp:attachment":[{"href":"https:\/\/www.homme-cerebral.org\/2025\/index.php?rest_route=%2Fwp%2Fv2%2Fmedia&parent=13436"}],"curies":[{"name":"wp","href":"https:\/\/api.w.org\/{rel}","templated":true}]}}