{"id":13452,"date":"2024-07-04T08:50:55","date_gmt":"2024-07-04T07:50:55","guid":{"rendered":"https:\/\/www.homme-cerebral.org\/2025\/?page_id=13452"},"modified":"2025-02-11T12:13:08","modified_gmt":"2025-02-11T12:13:08","slug":"informations-pratiques","status":"publish","type":"page","link":"https:\/\/www.homme-cerebral.org\/2025\/?page_id=13452","title":{"rendered":"Informations pratiques"},"content":{"rendered":"\t\t<div data-elementor-type=\"wp-page\" data-elementor-id=\"13452\" class=\"elementor elementor-13452\" data-elementor-post-type=\"page\">\n\t\t\t\t<div class=\"elementor-element elementor-element-36784a8 e-flex e-con-boxed e-con e-parent\" data-id=\"36784a8\" data-element_type=\"container\">\n\t\t\t\t\t<div class=\"e-con-inner\">\n\t\t\t\t<div class=\"elementor-element elementor-element-c5ccc40 elementor-align-center elementor-list-item-link-full_width elementor-widget elementor-widget-icon-list\" data-id=\"c5ccc40\" data-element_type=\"widget\" data-widget_type=\"icon-list.default\">\n\t\t\t\t<div class=\"elementor-widget-container\">\n\t\t\t<link rel=\"stylesheet\" href=\"https:\/\/www.homme-cerebral.org\/2025\/wp-content\/plugins\/elementor\/assets\/css\/widget-icon-list.min.css\">\t\t<ul class=\"elementor-icon-list-items\">\n\t\t\t\t\t\t\t<li class=\"elementor-icon-list-item\">\n\t\t\t\t\t\t\t\t\t\t\t<span class=\"elementor-icon-list-icon\">\n\t\t\t\t\t\t\t<svg aria-hidden=\"true\" class=\"e-font-icon-svg e-far-calendar-check\" viewBox=\"0 0 448 512\" xmlns=\"http:\/\/www.w3.org\/2000\/svg\"><path d=\"M400 64h-48V12c0-6.627-5.373-12-12-12h-40c-6.627 0-12 5.373-12 12v52H160V12c0-6.627-5.373-12-12-12h-40c-6.627 0-12 5.373-12 12v52H48C21.49 64 0 85.49 0 112v352c0 26.51 21.49 48 48 48h352c26.51 0 48-21.49 48-48V112c0-26.51-21.49-48-48-48zm-6 400H54a6 6 0 0 1-6-6V160h352v298a6 6 0 0 1-6 6zm-52.849-200.65L198.842 404.519c-4.705 4.667-12.303 4.637-16.971-.068l-75.091-75.699c-4.667-4.705-4.637-12.303.068-16.971l22.719-22.536c4.705-4.667 12.303-4.637 16.97.069l44.104 44.461 111.072-110.181c4.705-4.667 12.303-4.637 16.971.068l22.536 22.718c4.667 4.705 4.636 12.303-.069 16.97z\"><\/path><\/svg>\t\t\t\t\t\t<\/span>\n\t\t\t\t\t\t\t\t\t\t<span class=\"elementor-icon-list-text\">8 mars 2025 \u00e0 14h00<\/span>\n\t\t\t\t\t\t\t\t\t<\/li>\n\t\t\t\t\t\t\t\t<li class=\"elementor-icon-list-item\">\n\t\t\t\t\t\t\t\t\t\t\t<span class=\"elementor-icon-list-icon\">\n\t\t\t\t\t\t\t<svg aria-hidden=\"true\" class=\"e-font-icon-svg e-fas-times\" viewBox=\"0 0 352 512\" xmlns=\"http:\/\/www.w3.org\/2000\/svg\"><path d=\"M242.72 256l100.07-100.07c12.28-12.28 12.28-32.19 0-44.48l-22.24-22.24c-12.28-12.28-32.19-12.28-44.48 0L176 189.28 75.93 89.21c-12.28-12.28-32.19-12.28-44.48 0L9.21 111.45c-12.28 12.28-12.28 32.19 0 44.48L109.28 256 9.21 356.07c-12.28 12.28-12.28 32.19 0 44.48l22.24 22.24c12.28 12.28 32.2 12.28 44.48 0L176 322.72l100.07 100.07c12.28 12.28 32.2 12.28 44.48 0l22.24-22.24c12.28-12.28 12.28-32.19 0-44.48L242.72 256z\"><\/path><\/svg>\t\t\t\t\t\t<\/span>\n\t\t\t\t\t\t\t\t\t\t<span class=\"elementor-icon-list-text\">Grimaldi Forum, Monaco (salle Camille Blanc)<\/span>\n\t\t\t\t\t\t\t\t\t<\/li>\n\t\t\t\t\t\t\t\t<li class=\"elementor-icon-list-item\">\n\t\t\t\t\t\t\t\t\t\t\t<span class=\"elementor-icon-list-icon\">\n\t\t\t\t\t\t\t<svg aria-hidden=\"true\" class=\"e-font-icon-svg e-fas-ticket-alt\" viewBox=\"0 0 576 512\" xmlns=\"http:\/\/www.w3.org\/2000\/svg\"><path d=\"M128 160h320v192H128V160zm400 96c0 26.51 21.49 48 48 48v96c0 26.51-21.49 48-48 48H48c-26.51 0-48-21.49-48-48v-96c26.51 0 48-21.49 48-48s-21.49-48-48-48v-96c0-26.51 21.49-48 48-48h480c26.51 0 48 21.49 48 48v96c-26.51 0-48 21.49-48 48zm-48-104c0-13.255-10.745-24-24-24H120c-13.255 0-24 10.745-24 24v208c0 13.255 10.745 24 24 24h336c13.255 0 24-10.745 24-24V152z\"><\/path><\/svg>\t\t\t\t\t\t<\/span>\n\t\t\t\t\t\t\t\t\t\t<span class=\"elementor-icon-list-text\">Acc\u00e8s gratuit pour tous sur inscription<\/span>\n\t\t\t\t\t\t\t\t\t<\/li>\n\t\t\t\t\t\t\t\t<li class=\"elementor-icon-list-item\">\n\t\t\t\t\t\t\t\t\t\t\t<span class=\"elementor-icon-list-icon\">\n\t\t\t\t\t\t\t<svg aria-hidden=\"true\" class=\"e-font-icon-svg e-fas-pen\" viewBox=\"0 0 512 512\" xmlns=\"http:\/\/www.w3.org\/2000\/svg\"><path d=\"M290.74 93.24l128.02 128.02-277.99 277.99-114.14 12.6C11.35 513.54-1.56 500.62.14 485.34l12.7-114.22 277.9-277.88zm207.2-19.06l-60.11-60.11c-18.75-18.75-49.16-18.75-67.91 0l-56.55 56.55 128.02 128.02 56.55-56.55c18.75-18.76 18.75-49.16 0-67.91z\"><\/path><\/svg>\t\t\t\t\t\t<\/span>\n\t\t\t\t\t\t\t\t\t\t<span class=\"elementor-icon-list-text\">Un cocktail aura lieu en fin d\u2019\u00e9v\u00e9nement, durant lequel les intervenants pourront offrir et d\u00e9dicacer leurs ouvrages<\/span>\n\t\t\t\t\t\t\t\t\t<\/li>\n\t\t\t\t\t\t<\/ul>\n\t\t\t\t<\/div>\n\t\t\t\t<\/div>\n\t\t\t\t\t<\/div>\n\t\t\t\t<\/div>\n\t\t<div class=\"elementor-element elementor-element-936d0a7 e-flex e-con-boxed e-con e-parent\" data-id=\"936d0a7\" data-element_type=\"container\">\n\t\t\t\t\t<div class=\"e-con-inner\">\n\t\t\t\t<div class=\"elementor-element elementor-element-ecfb023 elementor-widget elementor-widget-text-editor\" data-id=\"ecfb023\" data-element_type=\"widget\" data-widget_type=\"text-editor.default\">\n\t\t\t\t<div class=\"elementor-widget-container\">\n\t\t\t<style>\/*! elementor - v3.22.0 - 26-06-2024 *\/\n.elementor-widget-text-editor.elementor-drop-cap-view-stacked .elementor-drop-cap{background-color:#69727d;color:#fff}.elementor-widget-text-editor.elementor-drop-cap-view-framed .elementor-drop-cap{color:#69727d;border:3px solid;background-color:transparent}.elementor-widget-text-editor:not(.elementor-drop-cap-view-default) .elementor-drop-cap{margin-top:8px}.elementor-widget-text-editor:not(.elementor-drop-cap-view-default) .elementor-drop-cap-letter{width:1em;height:1em}.elementor-widget-text-editor .elementor-drop-cap{float:left;text-align:center;line-height:1;font-size:50px}.elementor-widget-text-editor .elementor-drop-cap-letter{display:inline-block}<\/style>\t\t\t\t<p><strong>Langue<br \/><\/strong>La langue officielle de l\u2019\u00e9v\u00e9nement est le fran\u00e7ais. Une interpr\u00e9tation simultan\u00e9e vers l\u2019anglais est pr\u00e9vue, ainsi qu\u2019une captation en streaming en direct.<\/p><p><strong>Presse<br \/><\/strong>L\u2019acc\u00e8s \u00e0 la manifestation est libre et gratuite pour les journalistes, sur inscription et pr\u00e9sentation de leur carte de presse.<br \/>Pour toute demande, nous vous invitons \u00e0 envoyer un mail \u00e0 l\u2019adresse suivante\u00a0: <a href=\"mailto:info@homme-cerebral.org\">info@homme-cerebral.org<\/a><\/p><p><strong>Conditions g\u00e9n\u00e9rales<\/strong><\/p><ol><li><strong>Responsabilit\u00e9 et force majeure<br \/><\/strong>Publi Creations d\u00e9cline toute responsabilit\u00e9 pour tout retard ou impossibilit\u00e9 d\u2019ex\u00e9cuter les Services en raison de circonstances hors de son contr\u00f4le.<br \/>Dans ces circonstances Publi Creations d\u00e9cline express\u00e9ment toute responsabilit\u00e9 pour tout dommage ou manque \u00e0 gagner direct ou indirect, pr\u00e9visible ou impr\u00e9visible, typique ou atypique ou cons\u00e9quents, qu\u2019il r\u00e9sulte d\u2019un d\u00e9lit civil, d\u2019une rupture de contrat, d\u2019une culpa in contrahendo, d\u2019une violation \u00e0 une obligation.<br \/>Publi Creations ne sera pas responsable en cas de retard et\/ou de d\u00e9faut d\u2019ex\u00e9cution des Services, que ce retard et\/ou d\u00e9faut soit d\u00fb ou li\u00e9 de quelque mani\u00e8re que ce soit : a) \u00e0 un d\u00e9faut ou un retard dans les activit\u00e9s prisent en charge par le Client, comme il est \u00e9tabli dans l\u2019Offre ; (b) aux \u00e9v\u00e9nements, actions ou omissions tels que gr\u00e8ves, lock-out, manque de travailleurs, \u00e9meutes, guerre, menace ou pr\u00e9paration de guerre, incendies, \u00e9ruptions, sabotages, temp\u00eates, inondations, tremblements de terre, \u00e9pid\u00e9mies, pand\u00e9mies, pannes dans les installations de production, effondrement de b\u00e2timents, ex\u00e9cution d\u2019ordres des autorit\u00e9s publiques, r\u00e9quisitions, manque de mati\u00e8res premi\u00e8res ou de combustible ou de toute autre source d\u2019\u00e9nergie, le blocage des transports et, d\u2019une mani\u00e8re g\u00e9n\u00e9rale, \u00e0 un \u00e9v\u00e9nement ou une circonstance qui emp\u00eache ou entrave l\u2019ex\u00e9cution par Publi Creations d\u2019une ou plusieurs de ses obligations contractuelles (ci-apr\u00e8s d\u00e9nomm\u00e9 \u201cForce Majeure\u201d).<br \/>Il est convenu que, lorsqu\u2019un \u00e9v\u00e9nement d\u00e9crit au point a) ou b) se produira :<br \/>&#8211; Publi Creations informera le client de l\u2019\u00e9v\u00e9nement dans un d\u00e9lai raisonnable ;<br \/>&#8211; Publi Creations sera lib\u00e9r\u00e9e de ses obligations contractuelles et ne sera pas responsable pour dommages et int\u00e9r\u00eats et ne pourra pas \u00eatre l\u2019objet d\u2019un recours pour violation du contrat, \u00e0 partir du moment o\u00f9 l\u2019emp\u00eachement entra\u00eene une incapacit\u00e9 d\u2019ex\u00e9cution.<br \/>Pour toute inscription gratuite et en cas de report ou annulation de la manifestation, aucun d\u00e9dommagement ne pourra \u00eatre demand\u00e9.<br \/>Lorsque l\u2019effet de l\u2019emp\u00eachement ou de l\u2019\u00e9v\u00e9nement invoqu\u00e9 est temporaire, les cons\u00e9quences \u00e9nonc\u00e9es au paragraphe pr\u00e9c\u00e9dent ne s\u2019appliquent que tant que l\u2019emp\u00eachement invoqu\u00e9 emp\u00eache l\u2019ex\u00e9cution par Publi Creations de ses obligations contractuelles, \u00e9tant entendu que Publi Creations doit informer le Client, dans un d\u00e9lai raisonnable, d\u00e8s que l\u2019emp\u00eachement cesse d\u2019entraver l\u2019ex\u00e9cution de ses obligations contractuelles.<br \/>Lorsque la dur\u00e9e de l\u2019emp\u00eachement invoqu\u00e9 a pour effet de priver substantiellement Publi Creations de ce qu\u2019elle \u00e9tait raisonnablement en droit d\u2019attendre en vertu du Contrat et, dans tous les cas, si la dur\u00e9e de l\u2019emp\u00eachement (i) exc\u00e8de 60 jours, si le d\u00e9but de l\u2019emp\u00eachement survient au plus t\u00f4t 180 jours avant le d\u00e9but du Meeting ou (ii) exc\u00e8de 5 jours ouvrables, si le commencement de l\u2019emp\u00eachement se produit au plus t\u00f4t 20 jours avant le d\u00e9but du Meeting ou (iii) dure au moins 1 jour ouvrable, si le commencement de l\u2019emp\u00eachement se produit dans les 5 jours pr\u00e9c\u00e9dents le d\u00e9but du Meeting ou pendant le Meeting, Publi Creations a le droit de r\u00e9silier le Contrat en le notifiant au Client dans un d\u00e9lai raisonnable.<br \/>Lorsque la circonstance du paragraphe pr\u00e9c\u00e9dent s\u2019applique et que le Client a, en raison de tout ce que Publi Creations a fait dans l\u2019ex\u00e9cution du Contrat, tir\u00e9 un b\u00e9n\u00e9fice avant la fin du Contrat, le Client devra payer \u00e0 Publi Creations une somme d\u2019argent \u00e9quivalente \u00e0 la valeur de ce b\u00e9n\u00e9fice.<br \/>Sans pr\u00e9judice de ce qui pr\u00e9c\u00e8de, en cas d\u2019annulation du Meeting pour cause de Force Majeure, Publi Creations remboursera au Client les sommes vers\u00e9es conform\u00e9ment au Contrat, d\u00e9duction faite (i) de toutes les p\u00e9nalit\u00e9s document\u00e9es appliqu\u00e9es par les fournisseurs de Publi Creations (y compris, mais sans s\u2019y limiter, les h\u00f4tels, restaurants, compagnies a\u00e9riennes et ainsi de suite) non r\u00e9cup\u00e9rables, (ii) d\u2019une redevance de 10% calcul\u00e9e sur le montant total relatif au point (i) en contrepartie des activit\u00e9s exerc\u00e9es par Publi Creations.<br \/>Il est convenu que Publi Creations peut reporter le remboursement au Client en tenant compte de la p\u00e9riode de remboursement demand\u00e9e par les fournisseurs de Publi Creations afin de rendre \u00e0 Publi Creations les sommes vers\u00e9es.<br \/>En cas de report du Meeting pour cause de Force Majeure, les dispositions suivantes s\u2019appliqueront :<br \/>(i) Publi Creations conservera, \u00e0 titre d\u2019avance, toutes les sommes d\u00e9j\u00e0 pay\u00e9es par le Client ;<br \/>(ii) Publi Creations fera de son mieux pour :<br \/>a. reporter les Services en fonction du changement de date du Meeting ;<br \/>b. minimiser les p\u00e9nalit\u00e9s appliqu\u00e9es par les fournisseurs de Publi Creations suite au report des Services, \u00e9tant entendu que toutes les p\u00e9nalit\u00e9s seront \u00e0 la charge du Client.<\/li><\/ol><ol start=\"2\"><li><strong> Vie priv\u00e9e<br \/><\/strong>PUBLI CREATIONS SAM, charg\u00e9 du contr\u00f4le et\/ou du traitement des donn\u00e9es, vous informe que toutes les informations personnelles que vous fournissez ou toutes les donn\u00e9es re\u00e7ues par des tiers seront utilis\u00e9es dans le cadre de votre participation au Congr\u00e8s aux fins de vous informer de toute autre activit\u00e9 compatible organis\u00e9e par PUBLI CREATIONS SAM ou par ses partenaires, de r\u00e9pondre \u00e0 vos \u00e9ventuelles demandes concernant ses manifestations, de vous faire parvenir nos newsletters, et de donner lieu \u00e0 des activit\u00e9s de marketing et de promotions li\u00e9es aux services propos\u00e9s par PUBLI CREATIONS SAM. Le traitement des donn\u00e9es signifie toute op\u00e9ration, ou ensemble d\u2019op\u00e9rations, effectu\u00e9es avec ou sans le recours aux moyens \u00e9lectroniques ou automatiques, et doit garantir la confidentialit\u00e9 et la s\u00e9curit\u00e9 de vos donn\u00e9es personnelles. PUBLI CREATIONS SAM, dans sa mission de contr\u00f4le et\/ou de traitement, ou ses associ\u00e9s, peuvent se servir des donn\u00e9es pour effectuer l\u2019une des proc\u00e9dures suivantes : publication dans la presse, communication aux clients, traitement de donn\u00e9es et consultation sur ordinateur. Les donn\u00e9es peuvent \u00eatre communiqu\u00e9es \u00e0 des associations scientifiques, des agences publiques ou priv\u00e9es en relation avec \u00abCME\u00bb, des interm\u00e9diaires financiers ou bancaires, mais aussi \u00e0 des entreprises participant au congr\u00e8s et ayant des fonctions promotionnelles compatibles avec les buts pour lesquels les donn\u00e9es ont \u00e9t\u00e9 collect\u00e9es. Selon la Loi n\u00b0 1.353 datant du 4 d\u00e9cembre 2008 (ex. 1.165 du 23 D\u00e9cembre 1993), vous disposez d\u2019un droit d\u2019acc\u00e8s et de rectification des donn\u00e9es vous concernant. Vous \u00eates libre de fournir vos donn\u00e9es personnelles mais un refus vous emp\u00eachera de participer au Congr\u00e8s. Toute requ\u00eate peut \u00eatre adress\u00e9e \u00e0 PUBLI CREATIONS SAM \u2013 74 Bd d\u2019Italie \u2013 98000 Monaco. J\u2019autorise le traitement et la communication de mes donn\u00e9es personnelles selon les modalit\u00e9s expliqu\u00e9es ci-dessus.<br \/>Conform\u00e9ment \u00e0 la loi n\u00b0 1.353 du 4 d\u00e9cembre 2008 (ex. 1.165 du 23 d\u00e9cembre 1993), vous disposez d\u2019un droit d\u2019acc\u00e8s et de rectification de vos donn\u00e9es personnelles.<\/li><\/ol><ol start=\"3\"><li><strong> Droit applicable \u2013 Juridiction<br \/><\/strong>Le Contrat est r\u00e9gi et interpr\u00e9t\u00e9 conform\u00e9ment aux lois de la Principaut\u00e9 de Monaco. Tout litige li\u00e9 au Contrat sera tranch\u00e9 par les tribunaux de la Principaut\u00e9 de Monaco.<\/li><\/ol><ol start=\"4\"><li><strong><strong> Droit \u00e0 l\u2019image<\/strong><\/strong><p><strong>PUBLI CREATIONS SAM<\/strong>, charg\u00e9 du contr\u00f4le et\/ou du traitement des donn\u00e9es, vous informe que toutes les informations et donn\u00e9es personnelles que vous fournissez ou remises par des tiers seront utilis\u00e9es dans le cadre de la Conf\u00e9rence \u00ab La Femme C\u00e9r\u00e9brale \u00bb dans le but de vous informer et de g\u00e9rer votre participation \u00e0 cet \u00e9v\u00e8nement par le biais de newsletters, de messages promotionnels li\u00e9es aux services propos\u00e9s par <strong>PUBLI CREATIONS SAM<\/strong> en lien avec la Conf\u00e9rence \u00ab La Femme C\u00e9r\u00e9brale \u00bb\u00a0 (\u00e9ditions actuelles et \u00e0 venir). Le traitement des donn\u00e9es signifie toute op\u00e9ration, ou ensemble d\u2019op\u00e9rations, effectu\u00e9es avec ou sans le recours aux moyens \u00e9lectroniques ou automatiques, et doit garantir la confidentialit\u00e9 et la s\u00e9curit\u00e9 de vos donn\u00e9es personnelles.<\/p><p><strong>PUBLI CREATIONS SAM<\/strong>, dans sa mission de contr\u00f4le et\/ou de traitement, peuvent exploiter vos donn\u00e9es dans le cadre des traitements suivants :<\/p><ul><li>Finalit\u00e9s statistiques et publication dans la presse (gestion anonyme).<\/li><li>Communications dans le cadre des \u00e9ditions actuelles ou \u00e0 venir de la Conf\u00e9rence \u00ab La Femme C\u00e9r\u00e9brale \u00bb\u00a0 ou \u00ab L&rsquo; Homme C\u00e9r\u00e9bral \u00bb<\/li><\/ul><p>Conform\u00e9ment \u00e0 la loi n\u00b0 1.353 du 4 d\u00e9cembre 2008 modifiant la loi n\u00b01.165 du 23 d\u00e9cembre 1993 r\u00e9glementant les traitements d\u2019informations nominatives, vous disposez d\u2019un droit d\u2019opposition, d\u2019acc\u00e8s et de rectification des donn\u00e9es personnelles.<br \/>Par la pr\u00e9sente je consens \u00e0 \u00eatre photographi\u00e9(e) et\/ou film\u00e9(e) le 8 mars 2025 par les organes de presse pr\u00e9sents dans le cadre de la conf\u00e9rence intitul\u00e9e : La Femme C\u00e9r\u00e9brale et les autorise \u00e0 reproduire et \u00e0 diffuser, directement ou par l\u2019interm\u00e9diaire de tiers, \u00e0 titre non exclusif et pour le monde entier, mon image et ma voix ainsi qu\u2019\u00e0 exploiter ces clich\u00e9s ou vid\u00e9os en partie ou en totalit\u00e9, sous toute forme et sur tous supports y compris dans le cadre d\u2019exploitations commerciales.<br \/>Le droit d\u2019exploiter les photographies et vid\u00e9os me repr\u00e9sentant comprend notamment :<\/p><ul><li>Documents de communication physique ou num\u00e9rique (internet, banni\u00e8res\u2026)<\/li><li>\u00c9dition num\u00e9rique (vid\u00e9o, cd-rom, dvd, cd photo, vid\u00e9odisque\u2026)<\/li><li>Articles de presse (magazines, quotidiens et p\u00e9riodiques accr\u00e9dit\u00e9s)<\/li><li>Annonce presse<\/li><li>Communication Web<\/li><\/ul><p>Les utilisations de mon image ne devront en aucune fa\u00e7on porter atteinte \u00e0 ma vie priv\u00e9e, et plus g\u00e9n\u00e9ralement me nuire ou me causer un quelconque pr\u00e9judice.<br \/>Je reconnais par ailleurs que je ne suis li\u00e9(e) \u00e0 aucun contrat exclusif sur l\u2019utilisation de mon image ou de mon nom.<br \/>Cette autorisation de l\u2019utilisation de mon image est consentie \u00e0 titre gracieux.<br \/>Toute question et demande peut \u00eatre adress\u00e9e \u00e0 PUBLI CREATIONS SAM \u2013 74 Bd d\u2019Italie \u2013 98000 Monaco, email: <a href=\"mailto:privacy@lenagroup.net\">privacy@lenagroup.net<\/a><\/p><\/li><\/ol><ol start=\"5\"><li><strong> Divers<br \/><\/strong>Sauf accord explicite, aucune modification ou renonciation \u00e0 toute disposition ou condition du Contrat ne peut constituer une modification ou une renonciation g\u00e9n\u00e9rale aux autres dispositions ou conditions du Contrat, ni n\u2019affecte les droits, les obligations ou les responsabilit\u00e9s \u00e9tablies par le Contrat jusqu\u2019\u00e0 la date de la modification ou de la renonciation, et les droits et les obligations des parties \u00e9tablies par le Contrat restent pleinement en vigueur, sauf et seulement dans la mesure o\u00f9 ils sont ainsi modifi\u00e9s ou renonc\u00e9s.<br \/>Toute clause du Contrat qui soit jug\u00e9e ill\u00e9gale, invalide ou inapplicable en vertu d\u2019une loi applicable sera, dans la mesure o\u00f9 elle est s\u00e9parable des autres clauses, consid\u00e9r\u00e9e comme omise du Contrat et n\u2019affectera en rien la l\u00e9galit\u00e9, la validit\u00e9 ou l\u2019applicabilit\u00e9 des autres clauses.<br \/>Les dispositions du Contrat qui sont cens\u00e9es survivre \u00e0 son expiration ou \u00e0 sa cessation ou qui, de par leur nature ou leur contexte, sont cens\u00e9es survivre \u00e0 son terme, restent pleinement en vigueur malgr\u00e9 l\u2019expiration ou la cessation du Contrat.<\/li><\/ol><center><strong>Secr\u00e9tariat Organisateur<br \/><\/strong>Publi Cr\u00e9ations<br \/>+377 97 97 35 55<br \/><a href=\"mailto:info@homme-cerebral.org\">info@homme-cerebral.org<\/a><\/center>\t\t\t\t\t\t<\/div>\n\t\t\t\t<\/div>\n\t\t\t\t\t<\/div>\n\t\t\t\t<\/div>\n\t\t\t\t<\/div>\n\t\t\r\n<!-- WeMeet Web(R) - Gange - All rights reserved: 2010 - 2025, plug-in for WordPress by Lena Group, https:\/\/lenagroup.net -->\r\n<div id=\"idGangeCookiesDiv1\" class=\"gange_CookiesDiv1\"><div id=\"idGangeCookiesDiv2\" class=\"gange_CookiesDiv2\"><form id=\"idGangeCookiesForm\" name=\"GangeCookiesForm\" action=\"#\" method=\"post\"><span id=\"idGangeCookiesSpan1\" class=\"gange_CookiesSpan1\">Nous utilisons des cookies pour vous garantir la meilleure exp\u00e9rience sur notre site Web.<\/span><span id=\"idGangeCookiesSpan2\" class=\"gange_CookiesSpan2\">Nous utilisons des cookies pour am\u00e9liorer l'analyse de nos services.<br>Vous pouvez autoriser ou bloquer les cookies en cliquant sur la case \u00e0 cocher situ\u00e9e \u00e0 droite de chaque cookie.<br><a href='https:\/\/lenagroup.net\/other\/cookies-policy\/' target='_blank'>Consultez notre politique de cookies<\/a>.<br>Google Analytics, J'accepte:<input id=\"idGangeCookiesAnalytics\" name=\"idGangeCookiesAnalytics\" type=\"checkbox\" checked=\"checked\" value=\"1\"><\/span><span id=\"idGangeCookiesSpanSubmit\" class=\"gange_CookiesSpanSubmit\"><input id=\"idGangeCookiesTag\" name=\"idGangeCookiesTag\" type=\"hidden\" value=\"##COOKIESGANGE##\"><input id=\"idGangeCookiesSubmit\" name=\"idGangeCookiesSubmit\" type=\"submit\" class=\"gange_CookiesSubmit\" value=\"Mettre \u00e0 jour mes pr\u00e9f\u00e9rences\"><\/span><\/form><\/div><\/div><script type=\"text\/javascript\"> $('body').css('overflow','hidden'); <\/script>\r\n<!-- WeMeet Web(R) - Gange - All rights reserved: 2010 - 2025, plug-in for WordPress by Lena Group, https:\/\/lenagroup.net -->\r\n <script type=\"text\/javascript\"> if (typeof(f_tFlgVISA) === typeof(Function))  \tf_tFlgVISA(null);  if (typeof(f_tFlgAllergia) === typeof(Function))  \tf_tFlgAllergia(null);  if (typeof(f_IDTipologia) === typeof(Function)) {  \tvar eObjTYPE = document.getElementById(\"id_IDTipologia\");  \tf_IDTipologia(eObjTYPE);  }  if (typeof(f_IDAttivita) === typeof(Function)) {  \tvar etFlgActivity = document.getElementById(\"id_IDAttivita\");  \tf_IDAttivita(etFlgActivity);  }  if (typeof(f_IDNazionalita) === typeof(Function)) {  \tvar etFlgNazionalita = document.getElementById(\"id_IDNazionalita\");  \tf_IDNazionalita(etFlgNazionalita);  }  if (typeof(f_IndFattIDNazione) === typeof(Function))  \tf_IndFattIDNazione(null);  if (typeof(f_IDDomanda15157) === typeof(Function)) {  \tvar etFlgDomanda15157 = document.getElementById(\"id_IDDomanda15157\");  \tif (etFlgDomanda15157 != null) {  \t\tf_IDDomanda15157(etFlgDomanda15157);  \t}  }  if (typeof(f_IDDomanda15162) === typeof(Function)) {  \tvar etFlgDomanda15162 = document.getElementById(\"id_IDDomanda15162\");  \tif (etFlgDomanda15162 != null) {  \t\tf_IDDomanda15162(etFlgDomanda15162);  \t}  }  if (typeof(f_IDDomanda15160) === typeof(Function)) {  \tvar etFlgDomanda15160 = document.getElementById(\"id_IDDomanda15160\");  \tif (etFlgDomanda15160 != null) {  \t\tf_IDDomanda15160(etFlgDomanda15160);  \t}  }  if (typeof(f_IDDomanda15171) === typeof(Function)) {  \tvar etFlgDomanda15171 = document.getElementById(\"id_IDDomanda15171\");  \tif (etFlgDomanda15171 != null) {  \t\tf_IDDomanda15171(etFlgDomanda15171);  \t}  }  if (typeof(f_IDDomanda15204) === typeof(Function)) {  \tvar etFlgDomanda15204 = document.getElementById(\"id_IDDomanda15204\");  \tif (etFlgDomanda15204 != null) {  \t\tf_IDDomanda15204(etFlgDomanda15204);  \t}  }  if (typeof(f_IDDomanda15169) === typeof(Function)) {  \tvar etFlgDomanda15169 = document.getElementById(\"id_IDDomanda15169\");  \tif (etFlgDomanda15169 != null) {  \t\tf_IDDomanda15169(etFlgDomanda15169);  \t}  }  <\/script>","protected":false},"excerpt":{"rendered":"<p>8 mars 2025 \u00e0 14h00 Grimaldi Forum, Monaco (salle Camille Blanc) Acc\u00e8s gratuit pour tous sur inscription Un cocktail aura lieu en fin d\u2019\u00e9v\u00e9nement, durant lequel les intervenants pourront offrir et d\u00e9dicacer leurs ouvrages LangueLa langue officielle de l\u2019\u00e9v\u00e9nement est&#8230;<\/p>\n","protected":false},"author":2,"featured_media":0,"parent":0,"menu_order":0,"comment_status":"closed","ping_status":"closed","template":"","meta":{"iawp_total_views":96,"footnotes":""},"class_list":["post-13452","page","type-page","status-publish","hentry"],"_links":{"self":[{"href":"https:\/\/www.homme-cerebral.org\/2025\/index.php?rest_route=\/wp\/v2\/pages\/13452","targetHints":{"allow":["GET"]}}],"collection":[{"href":"https:\/\/www.homme-cerebral.org\/2025\/index.php?rest_route=\/wp\/v2\/pages"}],"about":[{"href":"https:\/\/www.homme-cerebral.org\/2025\/index.php?rest_route=\/wp\/v2\/types\/page"}],"author":[{"embeddable":true,"href":"https:\/\/www.homme-cerebral.org\/2025\/index.php?rest_route=\/wp\/v2\/users\/2"}],"replies":[{"embeddable":true,"href":"https:\/\/www.homme-cerebral.org\/2025\/index.php?rest_route=%2Fwp%2Fv2%2Fcomments&post=13452"}],"version-history":[{"count":22,"href":"https:\/\/www.homme-cerebral.org\/2025\/index.php?rest_route=\/wp\/v2\/pages\/13452\/revisions"}],"predecessor-version":[{"id":13973,"href":"https:\/\/www.homme-cerebral.org\/2025\/index.php?rest_route=\/wp\/v2\/pages\/13452\/revisions\/13973"}],"wp:attachment":[{"href":"https:\/\/www.homme-cerebral.org\/2025\/index.php?rest_route=%2Fwp%2Fv2%2Fmedia&parent=13452"}],"curies":[{"name":"wp","href":"https:\/\/api.w.org\/{rel}","templated":true}]}}